{"id":116,"date":"2009-07-08T16:23:15","date_gmt":"2009-07-08T14:23:15","guid":{"rendered":"http:\/\/www.preukaz.sk\/?page_id=116"},"modified":"2019-07-07T09:38:25","modified_gmt":"2019-07-07T07:38:25","slug":"podmienky-na-udelenie-vodicskeho-opravnenia","status":"publish","type":"page","link":"https:\/\/preukaz.sk\/index.php\/vodicsky-preukaz\/podmienky-na-udelenie-vodicskeho-opravnenia\/","title":{"rendered":"Podmienky na udelenie vodi\u010dsk\u00e9ho opr\u00e1vnenia | Vodi\u010dsk\u00fd preukaz"},"content":{"rendered":"<p>Na to, aby mohlo by\u0165 \u017eiadate\u013eovi udelen\u00e9 vodi\u010dsk\u00e9 opr\u00e1vnenie, mus\u00ed splni\u0165 v\u0161etky podmienky stanoven\u00e9 z\u00e1konom.<\/p>\n<p><strong>Vodi\u010dsk\u00e9 opr\u00e1vnenie sa udel\u00ed \u017eiadate\u013eovi, ktor\u00fd k d\u00e1tumu udelenia vodi\u010dsk\u00e9ho opr\u00e1vnenia:<\/strong><br \/>\n \u2022 dosiahol vek ustanoven\u00fd z\u00e1konom na udelenie vodi\u010dsk\u00e9ho opr\u00e1vnenia (pozri ni\u017e\u0161ie),<\/p>\n<p> \u2022 m\u00e1 na \u00fazem\u00ed SR pobyt v trvan\u00ed najmenej 185 dn\u00ed v kalend\u00e1rnom roku, v ktorom po\u017eiada o udelenie vodi\u010dsk\u00e9ho opr\u00e1vnenia; ak od 1. janu\u00e1ra kalend\u00e1rneho roka, v ktorom \u017eiadate\u013e po\u017eiada o udelenie vodi\u010dsk\u00e9ho opr\u00e1vnenia, neuplynulo 185 dn\u00ed, je rozhoduj\u00face, \u010di sa t\u00e1to podmienka splnila v predch\u00e1dzaj\u00facom kalend\u00e1rnom roku; to neplat\u00ed, ak dokladom o \u0161t\u00fadiu preuk\u00e1\u017ee, \u017ee \u0161tuduje na \u00fazem\u00ed SR viac ako \u0161es\u0165 mesiacov,<\/p>\n<p> \u2022 \u010destn\u00fdm vyhl\u00e1sen\u00edm alebo inak d\u00f4veryhodne preuk\u00e1\u017ee, \u017ee na \u00fazem\u00ed SR m\u00e1 zvy\u010dajn\u00e9 bydlisko, alebo dokladom o \u0161t\u00fadiu preuk\u00e1\u017ee, \u017ee \u0161tuduje na \u00fazem\u00ed SR viac ako \u0161es\u0165 mesiacov, <\/p>\n<p> \u2022 je zdravotne sp\u00f4sobil\u00fd,<\/p>\n<p> \u2022 je psychicky sp\u00f4sobil\u00fd,<\/p>\n<p> \u2022 podrobil sa pr\u00edprave na vedenie motorov\u00e9ho vozidla v auto\u0161kole, ak nie je ustanoven\u00e9 inak,<\/p>\n<p> \u2022 z\u00edskal odborn\u00fa sp\u00f4sobilos\u0165,<\/p>\n<p> \u2022 nem\u00e1 s\u00fadom alebo in\u00fdm pr\u00edslu\u0161n\u00fdm org\u00e1nom SR ulo\u017een\u00fd z\u00e1kaz \u010dinnosti vies\u0165 motorov\u00e9 vozidlo,<br \/>\nnem\u00e1 pr\u00edslu\u0161n\u00fdm org\u00e1nom ulo\u017een\u00fa povinnos\u0165 podrobi\u0165 sa presk\u00famaniu zdravotnej alebo psychickej sp\u00f4sobilosti alebo presk\u00fa\u0161aniu odbornej sp\u00f4sobilosti,<\/p>\n<p> \u2022 nie je dr\u017eite\u013eom in\u00e9ho vodi\u010dsk\u00e9ho preukazu; to neplat\u00ed, ak \u017eiada o udelenie \u010fal\u0161ieho vodi\u010dsk\u00e9ho opr\u00e1vnenia,<\/p>\n<p> \u2022 nem\u00e1 zadr\u017ean\u00fd vodi\u010dsk\u00fd preukaz,<\/p>\n<p> \u2022 nem\u00e1 odobrat\u00e9 vodi\u010dsk\u00e9 opr\u00e1vnenie,<\/p>\n<p> \u2022 nem\u00e1 s\u00fadom alebo in\u00fdm pr\u00edslu\u0161n\u00fdm org\u00e1nom cudzieho \u0161t\u00e1tu ulo\u017een\u00fd z\u00e1kaz \u010dinnosti vies\u0165 motorov\u00e9 vozidlo,<\/p>\n<p> \u2022 nem\u00e1 vodi\u010dsk\u00e9 opr\u00e1vnenie udelen\u00e9 v cudzine odobrat\u00e9, obmedzen\u00e9, pozastaven\u00e9 alebo zru\u0161en\u00e9,<\/p>\n<p> \u2022 nie je dr\u017eite\u013eom in\u00e9ho vodi\u010dsk\u00e9ho preukazu vydan\u00e9ho cudz\u00edm \u0161t\u00e1tom s udelen\u00fdm vodi\u010dsk\u00fdm opr\u00e1vnen\u00edm tej skupiny alebo podskupiny motorov\u00fdch vozidiel, akej je vodi\u010dsk\u00fd preukaz, o ktor\u00e9ho vydanie \u017eiada, alebo rovnocennej skupiny alebo podskupiny.<\/p>\n<p>Zvy\u010dajn\u00fdm bydliskom je miesto, kde sa osoba zvy\u010dajne zdr\u017eiava najmenej 185 dn\u00ed v ka\u017edom kalend\u00e1rnom roku:<br \/>\n \u2022 z d\u00f4vodu jej osobn\u00fdch a pracovn\u00fdch v\u00e4zieb,<br \/>\n \u2022 z d\u00f4vodu osobn\u00fdch v\u00e4zieb preukazuj\u00facich \u00fazke spojenie medzi touto osobou a miestom, kde sa zdr\u017eiava, ak osoba nie je pracovne viazan\u00e1,<br \/>\n \u2022 z d\u00f4vodu jej osobn\u00fdch v\u00e4zieb, ak osoba je pracovne viazan\u00e1 v inom \u0161t\u00e1te Eur\u00f3pskeho hospod\u00e1rskeho priestoru ako v mieste osobn\u00fdch v\u00e4zieb a do tohto miesta sa pravidelne vracia; podmienka pravideln\u00e9ho n\u00e1vratu nemus\u00ed by\u0165 splnen\u00e1, ak osoba \u017eije v inom \u0161t\u00e1te Eur\u00f3pskeho hospod\u00e1rskeho priestoru ako v mieste osobn\u00fdch v\u00e4zieb preto, aby vykon\u00e1vala \u00falohu ur\u010dit\u00e9ho trvania, pri\u010dom nav\u0161tevovanie univerzity alebo \u0161koly neznamen\u00e1 zmenu zvy\u010dajn\u00e9ho bydliska.<\/p>\n","protected":false},"excerpt":{"rendered":"<p>Na to, aby mohlo by\u0165 \u017eiadate\u013eovi udelen\u00e9 vodi\u010dsk\u00e9 opr\u00e1vnenie, mus\u00ed splni\u0165 v\u0161etky podmienky stanoven\u00e9 z\u00e1konom. Vodi\u010dsk\u00e9 opr\u00e1vnenie sa udel\u00ed \u017eiadate\u013eovi, ktor\u00fd k d\u00e1tumu udelenia vodi\u010dsk\u00e9ho opr\u00e1vnenia: \u2022 dosiahol vek ustanoven\u00fd z\u00e1konom na udelenie vodi\u010dsk\u00e9ho opr\u00e1vnenia (pozri ni\u017e\u0161ie), \u2022 m\u00e1 na \u00fazem\u00ed SR pobyt v trvan\u00ed najmenej 185 dn\u00ed v kalend\u00e1rnom roku, v ktorom po\u017eiada o [&hellip;]<\/p>\n","protected":false},"author":1,"featured_media":0,"parent":62,"menu_order":27,"comment_status":"closed","ping_status":"closed","template":"","meta":{"spay_email":"","footnotes":""},"_links":{"self":[{"href":"https:\/\/preukaz.sk\/index.php\/wp-json\/wp\/v2\/pages\/116"}],"collection":[{"href":"https:\/\/preukaz.sk\/index.php\/wp-json\/wp\/v2\/pages"}],"about":[{"href":"https:\/\/preukaz.sk\/index.php\/wp-json\/wp\/v2\/types\/page"}],"author":[{"embeddable":true,"href":"https:\/\/preukaz.sk\/index.php\/wp-json\/wp\/v2\/users\/1"}],"replies":[{"embeddable":true,"href":"https:\/\/preukaz.sk\/index.php\/wp-json\/wp\/v2\/comments?post=116"}],"version-history":[{"count":1,"href":"https:\/\/preukaz.sk\/index.php\/wp-json\/wp\/v2\/pages\/116\/revisions"}],"predecessor-version":[{"id":632,"href":"https:\/\/preukaz.sk\/index.php\/wp-json\/wp\/v2\/pages\/116\/revisions\/632"}],"up":[{"embeddable":true,"href":"https:\/\/preukaz.sk\/index.php\/wp-json\/wp\/v2\/pages\/62"}],"wp:attachment":[{"href":"https:\/\/preukaz.sk\/index.php\/wp-json\/wp\/v2\/media?parent=116"}],"curies":[{"name":"wp","href":"https:\/\/api.w.org\/{rel}","templated":true}]}}